{"id":36,"date":"2018-01-09T09:37:08","date_gmt":"2018-01-09T12:37:08","guid":{"rendered":"https:\/\/florensa.com.ar\/sitio\/?page_id=36"},"modified":"2026-07-02T12:24:54","modified_gmt":"2026-07-02T15:24:54","slug":"somos-florensa","status":"publish","type":"page","link":"https:\/\/florensa.com.ar\/sitio\/somos-florensa\/","title":{"rendered":"Somos Florensa"},"content":{"rendered":"<p>[vc_row][vc_column width=&#8221;6\/12&#8243; icons_position=&#8221;left&#8221;][vc_empty_space height=&#8221;114px&#8221; alter_height=&#8221;none&#8221; hide_on_desktop=&#8221;&#8221; hide_on_notebook=&#8221;&#8221; hide_on_tablet=&#8221;&#8221; hide_on_mobile=&#8221;1&#8243;][vc_empty_space height=&#8221;4em&#8221; alter_height=&#8221;none&#8221; hide_on_desktop=&#8221;1&#8243; hide_on_notebook=&#8221;1&#8243; hide_on_tablet=&#8221;1&#8243; hide_on_mobile=&#8221;&#8221;][vc_single_image image=&#8221;1690&#8243; img_size=&#8221;full&#8221;][vc_column_text css=&#8221;.vc_custom_1692162769790{margin-top: 10px !important;padding-top: 3rem !important;padding-bottom: 3rem !important;background-color: #25634d !important;}&#8221;]<\/p>\n<h3 style=\"text-align: center;\"><a href=\"https:\/\/youtu.be\/9WmF32dvyVA\" target=\"_blank\" rel=\"noopener noreferrer\"><span style=\"color: #ffffff;\">MIRA NUESTRO <\/span> <span style=\"color: #fed34a;\">VIDEO INSTITUCIONAL<\/span><\/a><br \/>\n<span style=\"color: #ffffff;\"> EN NUESTRO CANAL DE YOUTUBE<\/span><\/h3>\n<p>[\/vc_column_text][vc_empty_space height=&#8221;114px&#8221; alter_height=&#8221;none&#8221; hide_on_desktop=&#8221;&#8221; hide_on_notebook=&#8221;&#8221; hide_on_tablet=&#8221;&#8221; hide_on_mobile=&#8221;1&#8243;][\/vc_column][vc_column width=&#8221;1\/12&#8243; icons_position=&#8221;left&#8221;][\/vc_column][vc_column width=&#8221;5\/12&#8243; icons_position=&#8221;left&#8221;][vc_empty_space height=&#8221;116px&#8221; alter_height=&#8221;none&#8221; hide_on_desktop=&#8221;&#8221; hide_on_notebook=&#8221;&#8221; hide_on_tablet=&#8221;&#8221; hide_on_mobile=&#8221;1&#8243;][vc_empty_space height=&#8221;35px&#8221; alter_height=&#8221;none&#8221; hide_on_desktop=&#8221;1&#8243; hide_on_notebook=&#8221;1&#8243; hide_on_tablet=&#8221;1&#8243; hide_on_mobile=&#8221;&#8221;]<div id=\"sc_title_1021612614\"\n\t\tclass=\"sc_title sc_title_default\"><h2 class=\"sc_item_title sc_title_title sc_align_left sc_item_title_style_default sc_item_title_tag\">Nuestra historia<\/h2><div class=\"sc_item_descr sc_title_descr sc_align_left\"><p>Desde su fundaci\u00f3n, Florensa como empresa familiar, ha estado comprometida con un enfoque de innovaci\u00f3n y desarrollo con la finalidad de brindar respuestas adecuadas y adaptadas a las necesidades espec\u00edficas de cada regi\u00f3n hort\u00edcola y flor\u00edcola. Estas respuestas tienen sus bases en fuentes de alto valor: Conocimiento, Observaci\u00f3n y Tecnolog\u00eda.<\/p>\n<p>De esta manera, en Florensa Argentina, FORTALECEMOS V\u00cdNCULOS con nuestros clientes. Conocemos y atendemos verdaderamente las especificaciones y\/o requerimientos nutricionales y fisiol\u00f3gicos, garantizando desde 1942, semillas \u201chechas a medida\u201d.<\/p>\n<p>Florensa se encuentra en la b\u00fasqueda permanente de mejoras, para brindarte la mejor calidad.<\/p>\n<\/div><div class=\"sc_item_button sc_button_wrap sc_align_left\"><a href=\"https:\/\/drive.google.com\/file\/d\/1DObheo1-Qp4bV7RFhLJchgKR64lXC5EA\/view?usp=sharing\" id=\"sc_button_1188444206\" class=\"sc_button sc_button_default sc_item_button sc_item_button_default sc_title_button sc_button_size_normal sc_button_icon_left\"><span class=\"sc_button_text\"><span class=\"sc_button_title\">Pol\u00edtica de Calidad<\/span><\/span><!-- \/.sc_button_text --><\/a><!-- \/.sc_button --><\/div><!-- \/.sc_item_button --><\/div><!-- \/.sc_title -->[vc_empty_space height=&#8221;114px&#8221; alter_height=&#8221;none&#8221; hide_on_desktop=&#8221;&#8221; hide_on_notebook=&#8221;&#8221; hide_on_tablet=&#8221;&#8221; hide_on_mobile=&#8221;1&#8243;][\/vc_column][\/vc_row][vc_row full_width=&#8221;stretch_row&#8221; hide_bg_image_on_tablet=&#8221;&#8221; hide_bg_image_on_mobile=&#8221;&#8221; css=&#8221;.vc_custom_1610428507253{background: #b8d94f url(https:\/\/florensa.com.ar\/sitio\/wp-content\/uploads\/2018\/01\/footer-pattern-white.png?id=424) !important;background-position: bottom left !important;background-repeat: no-repeat !important;}&#8221;][vc_column scheme=&#8221;dark&#8221; icons_position=&#8221;left&#8221;][vc_empty_space height=&#8221;60px&#8221; alter_height=&#8221;none&#8221; hide_on_desktop=&#8221;&#8221; hide_on_notebook=&#8221;&#8221; hide_on_tablet=&#8221;&#8221; hide_on_mobile=&#8221;&#8221;]<div id=\"sc_title_1623744730\"\n\t\tclass=\"sc_title sc_title_default\"><h1 class=\"sc_item_title sc_title_title sc_align_center sc_item_title_style_default sc_item_title_tag\">NUESTRO EQUIPO<\/h1><\/div><!-- \/.sc_title -->[vc_empty_space height=&#8221;60px&#8221; alter_height=&#8221;none&#8221; hide_on_desktop=&#8221;&#8221; hide_on_notebook=&#8221;&#8221; hide_on_tablet=&#8221;&#8221; hide_on_mobile=&#8221;&#8221;][\/vc_column][\/vc_row][vc_row equal_height=&#8221;yes&#8221; content_placement=&#8221;middle&#8221; hide_bg_image_on_tablet=&#8221;&#8221; hide_bg_image_on_mobile=&#8221;&#8221; shape_divider_top_front=&#8221;&#8221; shape_divider_bottom_front=&#8221;&#8221; css=&#8221;.vc_custom_1610405296199{margin-top: 60px !important;margin-bottom: 20px !important;}&#8221;][vc_column width=&#8221;1\/3&#8243; hide_bg_image_on_tablet=&#8221;&#8221; hide_bg_image_on_mobile=&#8221;&#8221; column_align=&#8221;center&#8221; icons_position=&#8221;left&#8221;]<div id=\"sc_content_577162693\"\n\t\tclass=\"sc_content scheme_dark sc_content_default sc_float_center sc_align_center  vc_custom_1531128248194\"><div class=\"sc_content_container\">[vc_column_text]<\/p>\n<h6>JORGE FLORENSA<\/h6>\n<p>[\/vc_column_text][vc_empty_space height=&#8221;1em&#8221; alter_height=&#8221;none&#8221; hide_on_desktop=&#8221;&#8221; hide_on_notebook=&#8221;&#8221; hide_on_tablet=&#8221;&#8221; hide_on_mobile=&#8221;&#8221;][vc_single_image image=&#8221;1740&#8243; img_size=&#8221;full&#8221; alignment=&#8221;center&#8221; css_animation=&#8221;flipInX&#8221;][vc_empty_space height=&#8221;1em&#8221; alter_height=&#8221;none&#8221; hide_on_desktop=&#8221;&#8221; hide_on_notebook=&#8221;&#8221; hide_on_tablet=&#8221;&#8221; hide_on_mobile=&#8221;&#8221;][vc_column_text]Director General<br \/>\nCasa Central[\/vc_column_text]<\/div><\/div><!-- \/.sc_content -->[\/vc_column][vc_column width=&#8221;1\/3&#8243; icons_position=&#8221;left&#8221;]<div id=\"sc_content_507199752\"\n\t\tclass=\"sc_content scheme_dark sc_content_default sc_float_center sc_align_center  vc_custom_1531128248194\"><div class=\"sc_content_container\">[vc_column_text]<\/p>\n<h6>ING. NATALIA FLORENSA<\/h6>\n<p>[\/vc_column_text][vc_empty_space height=&#8221;1em&#8221; alter_height=&#8221;none&#8221; hide_on_desktop=&#8221;&#8221; hide_on_notebook=&#8221;&#8221; hide_on_tablet=&#8221;&#8221; hide_on_mobile=&#8221;&#8221;][vc_single_image image=&#8221;1745&#8243; img_size=&#8221;full&#8221; alignment=&#8221;center&#8221; css_animation=&#8221;flipInX&#8221;][vc_empty_space height=&#8221;1em&#8221; alter_height=&#8221;none&#8221; hide_on_desktop=&#8221;&#8221; hide_on_notebook=&#8221;&#8221; hide_on_tablet=&#8221;&#8221; hide_on_mobile=&#8221;&#8221;][vc_column_text]Gerente Desarrollo T\u00e9cnico<br \/>\nCasa Central[\/vc_column_text]<\/div><\/div><!-- \/.sc_content -->[\/vc_column][vc_column width=&#8221;1\/3&#8243; icons_position=&#8221;left&#8221;]<div id=\"sc_content_286951409\"\n\t\tclass=\"sc_content scheme_dark sc_content_default sc_float_center sc_align_center  vc_custom_1531128248194\"><div class=\"sc_content_container\">[vc_column_text]<\/p>\n<h6>MART\u00cdN FLORENSA<\/h6>\n<p>[\/vc_column_text][vc_empty_space height=&#8221;1em&#8221; alter_height=&#8221;none&#8221; hide_on_desktop=&#8221;&#8221; hide_on_notebook=&#8221;&#8221; hide_on_tablet=&#8221;&#8221; hide_on_mobile=&#8221;&#8221;][vc_single_image image=&#8221;1742&#8243; img_size=&#8221;full&#8221; alignment=&#8221;center&#8221; css_animation=&#8221;flipInX&#8221;][vc_empty_space height=&#8221;1em&#8221; alter_height=&#8221;none&#8221; hide_on_desktop=&#8221;&#8221; hide_on_notebook=&#8221;&#8221; hide_on_tablet=&#8221;&#8221; hide_on_mobile=&#8221;&#8221;][vc_column_text]Responsable de Marketing<br \/>\nCasa Central[\/vc_column_text]<\/div><\/div><!-- \/.sc_content -->[\/vc_column][\/vc_row][vc_row equal_height=&#8221;yes&#8221; content_placement=&#8221;middle&#8221; css=&#8221;.vc_custom_1609722351843{margin-top: 20px !important;margin-bottom: 20px !important;}&#8221;][vc_column width=&#8221;1\/3&#8243; hide_bg_image_on_tablet=&#8221;&#8221; hide_bg_image_on_mobile=&#8221;&#8221; column_align=&#8221;center&#8221; icons_position=&#8221;left&#8221;]<div id=\"sc_content_1046484442\"\n\t\tclass=\"sc_content scheme_dark sc_content_default sc_float_center sc_align_center  vc_custom_1609737520573\"><div class=\"sc_content_container\">[vc_column_text]<\/p>\n<h6>ALEJANDRO GARNIER<\/h6>\n<p>[\/vc_column_text][vc_empty_space height=&#8221;1em&#8221; alter_height=&#8221;none&#8221; hide_on_desktop=&#8221;&#8221; hide_on_notebook=&#8221;&#8221; hide_on_tablet=&#8221;&#8221; hide_on_mobile=&#8221;&#8221;][vc_single_image image=&#8221;1735&#8243; img_size=&#8221;full&#8221; alignment=&#8221;center&#8221; css_animation=&#8221;flipInX&#8221;][vc_empty_space height=&#8221;1em&#8221; alter_height=&#8221;none&#8221; hide_on_desktop=&#8221;&#8221; hide_on_notebook=&#8221;&#8221; hide_on_tablet=&#8221;&#8221; hide_on_mobile=&#8221;&#8221;][vc_column_text]<strong>Gerente General<\/strong><br \/>\nCasa Central[\/vc_column_text]<\/div><\/div><!-- \/.sc_content -->[\/vc_column][vc_column width=&#8221;1\/3&#8243; icons_position=&#8221;left&#8221;]<div id=\"sc_content_1497601998\"\n\t\tclass=\"sc_content scheme_dark sc_content_default sc_float_center sc_align_center  vc_custom_1610393710351\"><div class=\"sc_content_container\">[vc_column_text]<\/p>\n<h6>ING. PABLO MENDOZA<\/h6>\n<p>[\/vc_column_text][vc_empty_space height=&#8221;1em&#8221; alter_height=&#8221;none&#8221; hide_on_desktop=&#8221;&#8221; hide_on_notebook=&#8221;&#8221; hide_on_tablet=&#8221;&#8221; hide_on_mobile=&#8221;&#8221;][vc_single_image image=&#8221;2778&#8243; img_size=&#8221;full&#8221; alignment=&#8221;center&#8221; css_animation=&#8221;flipInX&#8221;][vc_empty_space height=&#8221;1em&#8221; alter_height=&#8221;none&#8221; hide_on_desktop=&#8221;&#8221; hide_on_notebook=&#8221;&#8221; hide_on_tablet=&#8221;&#8221; hide_on_mobile=&#8221;&#8221;][vc_column_text]<strong>Gerente Comercial<\/strong><\/p>\n<p>+ 54 387 2594578<br \/>\npablo.mendoza@florensa.com.ar[\/vc_column_text]<\/div><\/div><!-- \/.sc_content -->[\/vc_column][vc_column width=&#8221;1\/3&#8243; icons_position=&#8221;left&#8221;]<div id=\"sc_content_407668211\"\n\t\tclass=\"sc_content scheme_dark sc_content_default sc_float_center sc_align_center  vc_custom_1609737520573\"><div class=\"sc_content_container\">[vc_column_text]<\/p>\n<h6>ING. JORGE ALMADA<\/h6>\n<p>[\/vc_column_text][vc_empty_space height=&#8221;1em&#8221; alter_height=&#8221;none&#8221; hide_on_desktop=&#8221;&#8221; hide_on_notebook=&#8221;&#8221; hide_on_tablet=&#8221;&#8221; hide_on_mobile=&#8221;&#8221;][vc_single_image image=&#8221;1739&#8243; img_size=&#8221;full&#8221; alignment=&#8221;center&#8221; css_animation=&#8221;flipInX&#8221;][vc_empty_space height=&#8221;1em&#8221; alter_height=&#8221;none&#8221; hide_on_desktop=&#8221;&#8221; hide_on_notebook=&#8221;&#8221; hide_on_tablet=&#8221;&#8221; hide_on_mobile=&#8221;&#8221;][vc_column_text]<strong>Desarrollo y Promoci\u00f3n<\/strong><br \/>\nCasa Central<\/p>\n<p>+ 54 351 3922628<br \/>\njorge.almada@florensa.com.ar[\/vc_column_text]<\/div><\/div><!-- \/.sc_content -->[\/vc_column][\/vc_row][vc_row equal_height=&#8221;yes&#8221; content_placement=&#8221;middle&#8221; css=&#8221;.vc_custom_1609722351843{margin-top: 20px !important;margin-bottom: 20px !important;}&#8221;][vc_column width=&#8221;1\/3&#8243; hide_bg_image_on_tablet=&#8221;&#8221; hide_bg_image_on_mobile=&#8221;&#8221; column_align=&#8221;center&#8221; icons_position=&#8221;left&#8221;]<div id=\"sc_content_1615010811\"\n\t\tclass=\"sc_content scheme_dark sc_content_default sc_float_center sc_align_center  vc_custom_1610392502309\"><div class=\"sc_content_container\">[vc_column_text]<\/p>\n<h6>FERNANDO MARONI<\/h6>\n<p>[\/vc_column_text][vc_empty_space height=&#8221;1em&#8221; alter_height=&#8221;none&#8221; hide_on_desktop=&#8221;&#8221; hide_on_notebook=&#8221;&#8221; hide_on_tablet=&#8221;&#8221; hide_on_mobile=&#8221;&#8221;][vc_single_image image=&#8221;1738&#8243; img_size=&#8221;full&#8221; alignment=&#8221;center&#8221; css_animation=&#8221;flipInX&#8221;][vc_empty_space height=&#8221;1em&#8221; alter_height=&#8221;none&#8221; hide_on_desktop=&#8221;&#8221; hide_on_notebook=&#8221;&#8221; hide_on_tablet=&#8221;&#8221; hide_on_mobile=&#8221;&#8221;][vc_column_text]<strong>Ventas<\/strong><br \/>\nBuenos Aires<\/p>\n<p>+54 11 33008722<br \/>\nfernando.maroni@florensa.com.ar[\/vc_column_text]<\/div><\/div><!-- \/.sc_content -->[\/vc_column][vc_column width=&#8221;1\/3&#8243; icons_position=&#8221;left&#8221;]<div id=\"sc_content_836268202\"\n\t\tclass=\"sc_content scheme_dark sc_content_default sc_float_center sc_align_center  vc_custom_1705425151948\"><div class=\"sc_content_container\">[vc_column_text]<\/p>\n<h6>ING. EUGENIO PERSICO<\/h6>\n<p>[\/vc_column_text][vc_empty_space height=&#8221;1em&#8221; alter_height=&#8221;none&#8221; hide_on_desktop=&#8221;&#8221; hide_on_notebook=&#8221;&#8221; hide_on_tablet=&#8221;&#8221; hide_on_mobile=&#8221;&#8221;][vc_single_image image=&#8221;2655&#8243; img_size=&#8221;full&#8221; alignment=&#8221;center&#8221; css_animation=&#8221;flipInX&#8221;][vc_empty_space height=&#8221;1em&#8221; alter_height=&#8221;none&#8221; hide_on_desktop=&#8221;&#8221; hide_on_notebook=&#8221;&#8221; hide_on_tablet=&#8221;&#8221; hide_on_mobile=&#8221;&#8221;][vc_column_text]<strong>Desarrollo<\/strong><br \/>\nBuenos Aires<\/p>\n<p>+ 54 11 56477828<br \/>\neugenio.persico@florensa.com.ar[\/vc_column_text]<\/div><\/div><!-- \/.sc_content -->[\/vc_column][vc_column width=&#8221;1\/3&#8243; icons_position=&#8221;left&#8221;]<div id=\"sc_content_84317639\"\n\t\tclass=\"sc_content scheme_dark sc_content_default sc_float_center sc_align_center  vc_custom_1610392522837\"><div class=\"sc_content_container\">[vc_column_text]<\/p>\n<h6>ING. AGUST\u00cdN BARTOMEOLI<\/h6>\n<p>[\/vc_column_text][vc_empty_space height=&#8221;1em&#8221; alter_height=&#8221;none&#8221; hide_on_desktop=&#8221;&#8221; hide_on_notebook=&#8221;&#8221; hide_on_tablet=&#8221;&#8221; hide_on_mobile=&#8221;&#8221;][vc_single_image image=&#8221;2760&#8243; img_size=&#8221;full&#8221; alignment=&#8221;center&#8221; css_animation=&#8221;flipInX&#8221;][vc_empty_space height=&#8221;1em&#8221; alter_height=&#8221;none&#8221; hide_on_desktop=&#8221;&#8221; hide_on_notebook=&#8221;&#8221; hide_on_tablet=&#8221;&#8221; hide_on_mobile=&#8221;&#8221;][vc_column_text]<strong>Ventas<\/strong><br \/>\nBuenos Aires<\/p>\n<p>+54 11 60133025<br \/>\nagustin.bartomeoli@florensa.com.ar[\/vc_column_text]<\/div><\/div><!-- \/.sc_content -->[\/vc_column][\/vc_row][vc_row equal_height=&#8221;yes&#8221; content_placement=&#8221;middle&#8221; css=&#8221;.vc_custom_1609722351843{margin-top: 20px !important;margin-bottom: 20px !important;}&#8221;][vc_column width=&#8221;1\/3&#8243; icons_position=&#8221;left&#8221;]<div id=\"sc_content_820636366\"\n\t\tclass=\"sc_content scheme_dark sc_content_default sc_float_center sc_align_center  vc_custom_1705425164748\"><div class=\"sc_content_container\">[vc_column_text]<\/p>\n<h6>ING. AGUST\u00cdN BALLARI<\/h6>\n<p>[\/vc_column_text][vc_empty_space height=&#8221;1em&#8221; alter_height=&#8221;none&#8221; hide_on_desktop=&#8221;&#8221; hide_on_notebook=&#8221;&#8221; hide_on_tablet=&#8221;&#8221; hide_on_mobile=&#8221;&#8221;][vc_single_image image=&#8221;2214&#8243; img_size=&#8221;full&#8221; alignment=&#8221;center&#8221; css_animation=&#8221;flipInX&#8221;][vc_empty_space height=&#8221;1em&#8221; alter_height=&#8221;none&#8221; hide_on_desktop=&#8221;&#8221; hide_on_notebook=&#8221;&#8221; hide_on_tablet=&#8221;&#8221; hide_on_mobile=&#8221;&#8221;][vc_column_text]<strong>Desarrollo y Ventas<\/strong><br \/>\nC\u00f3rdoba<\/p>\n<p>+ 54 351 3292113<br \/>\nagustin.ballari@florensa.com.ar[\/vc_column_text]<\/div><\/div><!-- \/.sc_content -->[\/vc_column][vc_column width=&#8221;1\/3&#8243; hide_bg_image_on_tablet=&#8221;&#8221; hide_bg_image_on_mobile=&#8221;&#8221; column_align=&#8221;center&#8221; icons_position=&#8221;left&#8221;]<div id=\"sc_content_1929074162\"\n\t\tclass=\"sc_content scheme_dark sc_content_default sc_float_center sc_align_center  vc_custom_1609738256708\"><div class=\"sc_content_container\">[vc_column_text]<\/p>\n<h6>RA\u00daL VERGARA<\/h6>\n<p>[\/vc_column_text][vc_empty_space height=&#8221;1em&#8221; alter_height=&#8221;none&#8221; hide_on_desktop=&#8221;&#8221; hide_on_notebook=&#8221;&#8221; hide_on_tablet=&#8221;&#8221; hide_on_mobile=&#8221;&#8221;][vc_single_image image=&#8221;1746&#8243; img_size=&#8221;full&#8221; alignment=&#8221;center&#8221; css_animation=&#8221;flipInX&#8221;][vc_empty_space height=&#8221;1em&#8221; alter_height=&#8221;none&#8221; hide_on_desktop=&#8221;&#8221; hide_on_notebook=&#8221;&#8221; hide_on_tablet=&#8221;&#8221; hide_on_mobile=&#8221;&#8221;][vc_column_text]<strong>Ventas<\/strong><br \/>\nRegi\u00f3n NOA<\/p>\n<p>+ 54 3878 564173<br \/>\nraul.vergara@florensa.com.ar[\/vc_column_text]<\/div><\/div><!-- \/.sc_content -->[\/vc_column][vc_column width=&#8221;1\/3&#8243; icons_position=&#8221;left&#8221;]<div id=\"sc_content_1699598092\"\n\t\tclass=\"sc_content scheme_dark sc_content_default sc_float_center sc_align_center  vc_custom_1610392536333\"><div class=\"sc_content_container\">[vc_column_text]<\/p>\n<h6>ING. ALEJANDRO GLOSS<\/h6>\n<p>[\/vc_column_text][vc_empty_space height=&#8221;1em&#8221; alter_height=&#8221;none&#8221; hide_on_desktop=&#8221;&#8221; hide_on_notebook=&#8221;&#8221; hide_on_tablet=&#8221;&#8221; hide_on_mobile=&#8221;&#8221;][vc_single_image image=&#8221;2659&#8243; img_size=&#8221;full&#8221; alignment=&#8221;center&#8221; css_animation=&#8221;flipInX&#8221;][vc_empty_space height=&#8221;1em&#8221; alter_height=&#8221;none&#8221; hide_on_desktop=&#8221;&#8221; hide_on_notebook=&#8221;&#8221; hide_on_tablet=&#8221;&#8221; hide_on_mobile=&#8221;&#8221;][vc_column_text]<strong>Desarrollo<\/strong><br \/>\nRegi\u00f3n NOA<\/p>\n<p>+ 54 388 4678988<br \/>\nalejandro.gloss@florensa.com.ar[\/vc_column_text]<\/div><\/div><!-- \/.sc_content -->[\/vc_column][\/vc_row][vc_row equal_height=&#8221;yes&#8221; content_placement=&#8221;middle&#8221; css=&#8221;.vc_custom_1610431112325{margin-top: 20px !important;margin-bottom: 60px !important;}&#8221;][vc_column width=&#8221;1\/3&#8243; hide_bg_image_on_tablet=&#8221;&#8221; hide_bg_image_on_mobile=&#8221;&#8221; column_align=&#8221;center&#8221; icons_position=&#8221;left&#8221;]<div id=\"sc_content_451658773\"\n\t\tclass=\"sc_content scheme_dark sc_content_default sc_float_center sc_align_center  vc_custom_1609738256708\"><div class=\"sc_content_container\">[vc_column_text]<\/p>\n<h6>ING. MARCO BELLITTI<\/h6>\n<p>[\/vc_column_text][vc_empty_space height=&#8221;1em&#8221; alter_height=&#8221;none&#8221; hide_on_desktop=&#8221;&#8221; hide_on_notebook=&#8221;&#8221; hide_on_tablet=&#8221;&#8221; hide_on_mobile=&#8221;&#8221;][vc_single_image image=&#8221;2784&#8243; img_size=&#8221;full&#8221; alignment=&#8221;center&#8221; css_animation=&#8221;flipInX&#8221;][vc_empty_space height=&#8221;1em&#8221; alter_height=&#8221;none&#8221; hide_on_desktop=&#8221;&#8221; hide_on_notebook=&#8221;&#8221; hide_on_tablet=&#8221;&#8221; hide_on_mobile=&#8221;&#8221;][vc_column_text]<strong>Desarrollo y Ventas<\/strong><br \/>\nC\u00f3rdoba<\/p>\n<p>+ 54 351 3429803<br \/>\nmarco.bellitti@florensa.com.ar[\/vc_column_text]<\/div><\/div><!-- \/.sc_content -->[\/vc_column][vc_column width=&#8221;1\/3&#8243; icons_position=&#8221;left&#8221;]<div id=\"sc_content_932312563\"\n\t\tclass=\"sc_content scheme_dark sc_content_default sc_float_center sc_align_center  vc_custom_1610392522837\"><div class=\"sc_content_container\">[vc_column_text]<\/p>\n<h6>ING. MARINA GLATIGNY<\/h6>\n<p>[\/vc_column_text][vc_empty_space height=&#8221;1em&#8221; alter_height=&#8221;none&#8221; hide_on_desktop=&#8221;&#8221; hide_on_notebook=&#8221;&#8221; hide_on_tablet=&#8221;&#8221; hide_on_mobile=&#8221;&#8221;][vc_single_image image=&#8221;2768&#8243; img_size=&#8221;full&#8221; alignment=&#8221;center&#8221; css_animation=&#8221;flipInX&#8221;][vc_empty_space height=&#8221;1em&#8221; alter_height=&#8221;none&#8221; hide_on_desktop=&#8221;&#8221; hide_on_notebook=&#8221;&#8221; hide_on_tablet=&#8221;&#8221; hide_on_mobile=&#8221;&#8221;][vc_column_text]<strong>Desarrollo y Ventas<\/strong><br \/>\nRegi\u00f3n Cuyo<\/p>\n<p>+ 54 261 2459161<br \/>\nmarina.glatigny@florensa.com.ar[\/vc_column_text]<\/div><\/div><!-- \/.sc_content -->[\/vc_column][vc_column width=&#8221;1\/3&#8243; icons_position=&#8221;left&#8221;]<div id=\"sc_content_115136592\"\n\t\tclass=\"sc_content scheme_dark sc_content_default sc_float_center sc_align_center  vc_custom_1609738256708\"><div class=\"sc_content_container\">[vc_column_text]<\/p>\n<h6>ING. DIEGO FERNANDEZ<\/h6>\n<p>[\/vc_column_text][vc_empty_space height=&#8221;1em&#8221; alter_height=&#8221;none&#8221; hide_on_desktop=&#8221;&#8221; hide_on_notebook=&#8221;&#8221; hide_on_tablet=&#8221;&#8221; hide_on_mobile=&#8221;&#8221;][vc_single_image image=&#8221;2220&#8243; img_size=&#8221;full&#8221; alignment=&#8221;center&#8221; css_animation=&#8221;flipInX&#8221;][vc_empty_space height=&#8221;1em&#8221; alter_height=&#8221;none&#8221; hide_on_desktop=&#8221;&#8221; hide_on_notebook=&#8221;&#8221; hide_on_tablet=&#8221;&#8221; hide_on_mobile=&#8221;&#8221;][vc_column_text]<strong>Desarrollo y Ventas<\/strong><br \/>\nRegi\u00f3n NEA<\/p>\n<p>+ 54 379 4326439<br \/>\ndiego.fernandez@florensa.com.ar[\/vc_column_text]<\/div><\/div><!-- \/.sc_content -->[\/vc_column][\/vc_row][vc_row full_width=&#8221;stretch_row&#8221; hide_bg_image_on_tablet=&#8221;&#8221; hide_bg_image_on_mobile=&#8221;&#8221; shape_divider_top_front=&#8221;&#8221; shape_divider_bottom_front=&#8221;&#8221; css=&#8221;.vc_custom_1709824712471{background: #b8d94f url(https:\/\/florensa.com.ar\/sitio\/wp-content\/uploads\/2018\/01\/footer-pattern-white.png?id=424) !important;background-position: bottom center !important;background-repeat: no-repeat !important;}&#8221;][vc_column scheme=&#8221;dark&#8221; icons_position=&#8221;left&#8221;][vc_empty_space height=&#8221;60px&#8221; alter_height=&#8221;none&#8221; hide_on_desktop=&#8221;&#8221; hide_on_notebook=&#8221;&#8221; hide_on_tablet=&#8221;&#8221; hide_on_mobile=&#8221;&#8221;]<div id=\"sc_title_122456450\"\n\t\tclass=\"sc_title sc_title_default\"><h1 class=\"sc_item_title sc_title_title sc_align_center sc_item_title_style_default sc_item_title_tag\">NUESTRO STAFF<\/h1><\/div><!-- \/.sc_title -->[vc_empty_space height=&#8221;60px&#8221; alter_height=&#8221;none&#8221; hide_on_desktop=&#8221;&#8221; hide_on_notebook=&#8221;&#8221; hide_on_tablet=&#8221;&#8221; hide_on_mobile=&#8221;&#8221;][\/vc_column][\/vc_row][vc_row full_width=&#8221;stretch_row_content_no_spaces&#8221; hide_bg_image_on_tablet=&#8221;&#8221; hide_bg_image_on_mobile=&#8221;&#8221; shape_divider_top_front=&#8221;&#8221; shape_divider_bottom_front=&#8221;&#8221;][vc_column icons_position=&#8221;left&#8221;][vc_raw_html]JTVCbWV0YXNsaWRlciUyMGlkJTNEJTIyMjIzMSUyMiU1RA==[\/vc_raw_html][\/vc_column][\/vc_row]<\/p>\n","protected":false},"excerpt":{"rendered":"<p>[vc_row][vc_column width=&#8221;6\/12&#8243; icons_position=&#8221;left&#8221;][vc_empty_space height=&#8221;114px&#8221; alter_height=&#8221;none&#8221; hide_on_desktop=&#8221;&#8221; hide_on_notebook=&#8221;&#8221; hide_on_tablet=&#8221;&#8221; hide_on_mobile=&#8221;1&#8243;][vc_empty_space height=&#8221;4em&#8221; alter_height=&#8221;none&#8221; hide_on_desktop=&#8221;1&#8243; hide_on_notebook=&#8221;1&#8243; hide_on_tablet=&#8221;1&#8243; hide_on_mobile=&#8221;&#8221;][vc_single_image image=&#8221;1690&#8243; img_size=&#8221;full&#8221;][vc_column_text css=&#8221;.vc_custom_1692162769790{margin-top: 10px !important;padding-top:&hellip;<\/p>\n","protected":false},"author":1,"featured_media":0,"parent":0,"menu_order":0,"comment_status":"closed","ping_status":"closed","template":"","meta":{"inline_featured_image":false,"footnotes":""},"_links":{"self":[{"href":"https:\/\/florensa.com.ar\/sitio\/wp-json\/wp\/v2\/pages\/36"}],"collection":[{"href":"https:\/\/florensa.com.ar\/sitio\/wp-json\/wp\/v2\/pages"}],"about":[{"href":"https:\/\/florensa.com.ar\/sitio\/wp-json\/wp\/v2\/types\/page"}],"author":[{"embeddable":true,"href":"https:\/\/florensa.com.ar\/sitio\/wp-json\/wp\/v2\/users\/1"}],"replies":[{"embeddable":true,"href":"https:\/\/florensa.com.ar\/sitio\/wp-json\/wp\/v2\/comments?post=36"}],"version-history":[{"count":116,"href":"https:\/\/florensa.com.ar\/sitio\/wp-json\/wp\/v2\/pages\/36\/revisions"}],"predecessor-version":[{"id":2785,"href":"https:\/\/florensa.com.ar\/sitio\/wp-json\/wp\/v2\/pages\/36\/revisions\/2785"}],"wp:attachment":[{"href":"https:\/\/florensa.com.ar\/sitio\/wp-json\/wp\/v2\/media?parent=36"}],"curies":[{"name":"wp","href":"https:\/\/api.w.org\/{rel}","templated":true}]}}